{"id":63,"date":"2009-12-10T18:39:49","date_gmt":"2009-12-10T16:39:49","guid":{"rendered":"http:\/\/kleinespechte.de\/spechtblog\/?page_id=63"},"modified":"2021-11-09T12:02:24","modified_gmt":"2021-11-09T10:02:24","slug":"schule-im-vergleich","status":"publish","type":"page","link":"https:\/\/kleinespechte.de\/spechtblog\/schulportfolio\/schule-im-vergleich\/","title":{"rendered":"Schule im Vergleich"},"content":{"rendered":"<p>Wie alle anderen Grundschulen in Baden W\u00fcrttemberg hat auch unsere Schule an den verbindlichen Vergleichsarbeiten (VERA) in Klasse 3 teilgenommen. Unten sehen Sie die Ergebnisse im Vergleich zum Landesschnitt.<\/p>\n<p>Das Projekt VERA (Vergleichsarbeiten in der Grundschule) ist eine fl\u00e4chendeckende Lernstandserhebung, die in den teilnehmenden Bundesl\u00e4ndern in den F\u00e4chern Mathematik und Deutsch durchgef\u00fchrt wird.<br \/>\nEntwickelt wurde die Konzeption des Projektes im Jahre 2002 von Prof. Dr. Andreas Helmke und Juniorprof. Dr. Ingmar Hosenfeld in Kooperation mit dem rheinland-pf\u00e4lzischen Ministerium f\u00fcr Bildung, Wissenschaft, Jugend und Kultur (MBWJK). Zwischen 2004 und 2006 wurden die Vergleichsarbeiten in sieben Bundesl\u00e4ndern (Berlin, Brandenburg, Bremen, Mecklenburg-Vorpommern, Nordrhein-Westfalen, Rheinland-Pfalz, Schleswig-Holstein) zu Beginn der 4. Klassenstufe geschrieben. Nach Umstellung der Vergleichsarbeiten auf das Ende der 3. Klassenstufe im Jahr 2007 beteiligen sich alle 16 Bundesl\u00e4nder an der Aufgabenentwicklung, die 2009 an das Institut f\u00fcr Qualit\u00e4tsentwicklung im Bildungswesen (IQB) \u00fcbergegangen ist. An der eigentlichen Durchf\u00fchrung der Vergleichsarbeiten sowie an der internetbasierten differenzierten Ergebnisr\u00fcckmeldung an der Universit\u00e4t Landau nehmen derzeit acht Bundesl\u00e4nder teil: Baden-W\u00fcrttemberg, die Hansestadt Bremen, Mecklenburg-Vorpommern, Niedersachsen, Nordrhein-Westfalen, Rheinland-Pfalz, das Saarland sowie Schleswig-Holstein. An dem Projekt sind au\u00dferdem deutsche Auslandsschulen beteiligt, die eine 3. Grundschulklasse f\u00fchren.<\/p>\n<p><strong>Zur Erkl\u00e4rung der Grafiken f\u00fcr 2009:<\/strong> Niveau 3 entspricht einem \u00fcberdurchschnittlichen Niveau. Schule und Klasse sind identisch, da wir eine einz\u00fcgige Grundschule sind \u2013 es also nur eine dritte Klasse gibt. KhN bedeutet: nicht messbar.<\/p>\n<p><a href=\"http:\/\/kleinespechte.de\/spechtblog\/wp-content\/uploads\/19__520x450_niveau-mathe-09-php.png\" data-rel=\"lightbox-image-0\" data-magnific_type=\"image\" data-rl_title=\"\" data-rl_caption=\"\" title=\"\"><img loading=\"lazy\" decoding=\"async\" class=\"aligncenter size-medium wp-image-611\" src=\"http:\/\/kleinespechte.de\/spechtblog\/wp-content\/uploads\/19__520x450_niveau-mathe-09-php-300x259.png\" alt=\"Niveau-mathe-2009\" width=\"300\" height=\"259\" srcset=\"https:\/\/kleinespechte.de\/spechtblog\/wp-content\/uploads\/19__520x450_niveau-mathe-09-php-300x259.png 300w, https:\/\/kleinespechte.de\/spechtblog\/wp-content\/uploads\/19__520x450_niveau-mathe-09-php.png 520w\" sizes=\"auto, (max-width: 300px) 100vw, 300px\" \/><\/a> <a href=\"http:\/\/kleinespechte.de\/spechtblog\/wp-content\/uploads\/18__520x450_niveau-deutsch-09-php.png\" data-rel=\"lightbox-image-1\" data-magnific_type=\"image\" data-rl_title=\"\" data-rl_caption=\"\" title=\"\"><img loading=\"lazy\" decoding=\"async\" class=\"aligncenter size-medium wp-image-614\" src=\"http:\/\/kleinespechte.de\/spechtblog\/wp-content\/uploads\/18__520x450_niveau-deutsch-09-php-300x259.png\" alt=\"Niveau-Deutsch 2009\" width=\"300\" height=\"259\" srcset=\"https:\/\/kleinespechte.de\/spechtblog\/wp-content\/uploads\/18__520x450_niveau-deutsch-09-php-300x259.png 300w, https:\/\/kleinespechte.de\/spechtblog\/wp-content\/uploads\/18__520x450_niveau-deutsch-09-php.png 520w\" sizes=\"auto, (max-width: 300px) 100vw, 300px\" \/><\/a><\/p>\n<p>&nbsp;<\/p>\n<p>So wird ersichtlich, dass die Grundschule Spechbach bei den zentralen Vergleichsarbeiten 2009 sehr gut abgeschnitten hat. Wir haben ein sehr breites Feld in Niveau 2 und nur wenige\u00a0 Sch\u00fcler auf Niveau 1. Trotzdem machen wir uns aufgrund der Daten neu auf den Weg und versuchen gezielt an den Punkten zu arbeiten, die f\u00fcr uns durch die genaue Auswertung einzelner Aufgaben innerhalb der VERA- Arbeiten ersichtlich wurden.<\/p>\n<p><strong>\u00a0Zur Erkl\u00e4rung der Grafiken f\u00fcr 2010:<\/strong><br \/>\nNiveau 5 entspricht dem h\u00f6chsten und \u00fcberdurchschnittlichen Niveau. Schule und Klasse sind identisch, da wir eine einz\u00fcgige Grundschule sind \u2013 es also nur eine dritte Klasse gibt.<\/p>\n<p style=\"text-align: center;\" align=\"center\">Leistungen im Fach Deutsch: GS Spechbach \u2013 Land BW<br \/>\n<a href=\"http:\/\/kleinespechte.de\/spechtblog\/wp-content\/uploads\/Ergebnis-Vera-10-lesen-land.gif\" data-rel=\"lightbox-image-2\" data-magnific_type=\"image\" data-rl_title=\"\" data-rl_caption=\"\" title=\"\"><img loading=\"lazy\" decoding=\"async\" class=\"aligncenter size-medium wp-image-752\" src=\"http:\/\/kleinespechte.de\/spechtblog\/wp-content\/uploads\/Ergebnis-Vera-10-lesen-land-300x230.gif\" alt=\"Ergebnis Vera 10 Lesekompetenz\" width=\"300\" height=\"230\" srcset=\"https:\/\/kleinespechte.de\/spechtblog\/wp-content\/uploads\/Ergebnis-Vera-10-lesen-land-300x230.gif 300w, https:\/\/kleinespechte.de\/spechtblog\/wp-content\/uploads\/Ergebnis-Vera-10-lesen-land.gif 520w\" sizes=\"auto, (max-width: 300px) 100vw, 300px\" \/><\/a><\/p>\n<p style=\"text-align: center;\" align=\"center\">Leistungen im Fach Mathematik: GS Spechbach \u2013 Land BW<br \/>\n<a href=\"http:\/\/kleinespechte.de\/spechtblog\/wp-content\/uploads\/Ergebnis-Mathe-10-land.gif\" data-rel=\"lightbox-image-3\" data-magnific_type=\"image\" data-rl_title=\"\" data-rl_caption=\"\" title=\"\"><img loading=\"lazy\" decoding=\"async\" class=\"aligncenter size-medium wp-image-753\" src=\"http:\/\/kleinespechte.de\/spechtblog\/wp-content\/uploads\/Ergebnis-Mathe-10-land-300x230.gif\" alt=\"Ergebnis Mathematik 2010 \" width=\"300\" height=\"230\" srcset=\"https:\/\/kleinespechte.de\/spechtblog\/wp-content\/uploads\/Ergebnis-Mathe-10-land-300x230.gif 300w, https:\/\/kleinespechte.de\/spechtblog\/wp-content\/uploads\/Ergebnis-Mathe-10-land.gif 520w\" sizes=\"auto, (max-width: 300px) 100vw, 300px\" \/><\/a><\/p>\n<p>Auch die Zahlen f\u00fcr das Jahr 2010 bescheinigen unseren Grundschulkindern sehr gute Ergebnisse. Die leistungsschw\u00e4chste Stufe 1 wurde in Spechbach nicht gemessen, der Mehrheit der Kinder wurde\u00a0 ein gehobenes bis hohes Niveau attestiert. F\u00fcr uns bedeutet dies, dass es uns gelungen ist, alle Kinder \u201emitzunehmen\u201c. Weiter zeigen uns die Ergebnisse, dass wir uns vermehrt um die durchschnittlich begabten Kinder bem\u00fchen m\u00fcssen, um das \u201eMittelfeld\u201c noch weiter auszubauen und den Kindern Schritte von Kompetenzstufe 2 nach 3 aufzuzeigen. Sollten wir neben dem verbindlichen Unterricht im Folgejahr F\u00f6rderstunden erteilen k\u00f6nnen, dann kann dies in Kleingruppen geschehen. Unhabh\u00e4ngig davon muss eine Differenzierung im Unterricht gleiche Anstrengungen versuchen. Da es in beiden F\u00e4chern ein breites Feld hoher Kompetenzstufen gibt, kann die Lehrkraft sicher auch ein Voneinander unter den Sch\u00fclern zulassen und im p\u00e4dagogisch sinnvollen Rahmen unterst\u00fctzen.<\/p>\n<p><strong>\u00a0Zur Erkl\u00e4rung der Grafiken f\u00fcr 2011:<\/strong><br \/>\nNiveau 5 entspricht dem h\u00f6chsten und \u00fcberdurchschnittlichen Niveau. Schule und Klasse sind identisch, da wir eine einz\u00fcgige Grundschule sind \u2013 es also nur eine dritte Klasse gibt.<\/p>\n<p><a href=\"http:\/\/kleinespechte.de\/spechtblog\/wp-content\/uploads\/2009\/12\/Vera-2011-Mathe.png\" data-rel=\"lightbox-image-4\" data-magnific_type=\"image\" data-rl_title=\"\" data-rl_caption=\"\" title=\"\"><img loading=\"lazy\" decoding=\"async\" class=\"aligncenter size-medium wp-image-2379\" src=\"http:\/\/kleinespechte.de\/spechtblog\/wp-content\/uploads\/2009\/12\/Vera-2011-Mathe-300x230.png\" alt=\"Vera 2011 Mathe\" width=\"300\" height=\"230\" srcset=\"https:\/\/kleinespechte.de\/spechtblog\/wp-content\/uploads\/2009\/12\/Vera-2011-Mathe-300x230.png 300w, https:\/\/kleinespechte.de\/spechtblog\/wp-content\/uploads\/2009\/12\/Vera-2011-Mathe.png 521w\" sizes=\"auto, (max-width: 300px) 100vw, 300px\" \/><\/a><a href=\"http:\/\/kleinespechte.de\/spechtblog\/wp-content\/uploads\/2009\/12\/Vera-2011-Deutsch.png\" data-rel=\"lightbox-image-5\" data-magnific_type=\"image\" data-rl_title=\"\" data-rl_caption=\"\" title=\"\"><img loading=\"lazy\" decoding=\"async\" class=\"aligncenter size-medium wp-image-2378\" src=\"http:\/\/kleinespechte.de\/spechtblog\/wp-content\/uploads\/2009\/12\/Vera-2011-Deutsch-300x230.png\" alt=\"Vera 2011\" width=\"300\" height=\"230\" srcset=\"https:\/\/kleinespechte.de\/spechtblog\/wp-content\/uploads\/2009\/12\/Vera-2011-Deutsch-300x230.png 300w, https:\/\/kleinespechte.de\/spechtblog\/wp-content\/uploads\/2009\/12\/Vera-2011-Deutsch.png 521w\" sizes=\"auto, (max-width: 300px) 100vw, 300px\" \/><\/a><\/p>\n<p>Die Ergebnisse 2011 zeigen ein anderes Bild als in den Vorjahren. Vor allem im Fach Deutsch gibt es eine relativ gro\u00dfe schwache Gruppe. Es folgte intern eine klare Analyse mit folgenden Konsequenzen:<\/p>\n<ul>\n<li>Auf Sch\u00fclerseite im allt\u00e4glichen Unterricht in der konkreten Klasse alle Anstrengungen f\u00fcr den Sch\u00fclerteil der Stufen 1 und 2 in Klasse 4 zu b\u00fcndeln<\/li>\n<li>Auf Planungsseite eine Analyse der Vorjahre dieses Jahrgangs und die die daraus gewonnenen Erkenntnisse in Klasse 1 und 2 bereits konsequent umzusetzen.<\/li>\n<\/ul>\n<p>&nbsp;<\/p>\n<p>Nachtrag: Ergebnis der durchgef\u00fchrten Konsequenzen: 50% der Klasse erhielt <a href=\"..\/5.1%20\u00dcberg\u00e4nge\">1 Jahr sp\u00e4ter eine Gymnasialempfehlung.<\/a><\/p>\n<h4>\u00a0Ergebnisse 2012: 1 Sch\u00fcler entspricht gerundet 6%<\/h4>\n<p>Deutsch\u00a0 &#8211; Lesen:<br \/>\n<a href=\"http:\/\/kleinespechte.de\/spechtblog\/wp-content\/uploads\/2009\/12\/Deutsch-Lesen-2012.png\" data-rel=\"lightbox-image-6\" data-magnific_type=\"image\" data-rl_title=\"\" data-rl_caption=\"\" title=\"\"><img loading=\"lazy\" decoding=\"async\" class=\"aligncenter size-medium wp-image-2383\" src=\"http:\/\/kleinespechte.de\/spechtblog\/wp-content\/uploads\/2009\/12\/Deutsch-Lesen-2012-300x271.png\" alt=\"Deutsch Lesen 2012\" width=\"300\" height=\"271\" srcset=\"https:\/\/kleinespechte.de\/spechtblog\/wp-content\/uploads\/2009\/12\/Deutsch-Lesen-2012-300x271.png 300w, https:\/\/kleinespechte.de\/spechtblog\/wp-content\/uploads\/2009\/12\/Deutsch-Lesen-2012.png 395w\" sizes=\"auto, (max-width: 300px) 100vw, 300px\" \/><\/a><\/p>\n<p>Deutsch Sprachgebrauch:<\/p>\n<p>In dieser Klasse haben 7 von 17 Kindern einen Migrationshintergrund. Die Leseleistung und auch die Leistungen im Sprachgebrauch zeigen auf, dass die Kinder weitere Unterst\u00fctzung brauchen. Andererseits zeigt die Grafik \u201eLesen\u201c auch ein breites Feld guter Leser im Vergleich zum Landesdurchschnitt. Mit dem Ausbau unseres Schulkonzepts\u00a0 &#8211;<a href=\"..\/..\/4%20Schulkonzept\/4.2%20besondere%20Ausrichtung%20der%20Schule\/4.2.3%20Schulkonzept%20Lesen.doc\">Teilbereich Lesen<\/a>&#8211; versuchen wir hier Verbesserungen zu erreichen.<\/p>\n<p><a href=\"http:\/\/kleinespechte.de\/spechtblog\/wp-content\/uploads\/2009\/12\/Deutsch-Sprachgebrauch-2012.png\" data-rel=\"lightbox-image-7\" data-magnific_type=\"image\" data-rl_title=\"\" data-rl_caption=\"\" title=\"\"><img loading=\"lazy\" decoding=\"async\" class=\"aligncenter size-medium wp-image-2386\" src=\"http:\/\/kleinespechte.de\/spechtblog\/wp-content\/uploads\/2009\/12\/Deutsch-Sprachgebrauch-2012-300x272.png\" alt=\"Deutsch Sprachgebrauch 2012\" width=\"300\" height=\"272\" srcset=\"https:\/\/kleinespechte.de\/spechtblog\/wp-content\/uploads\/2009\/12\/Deutsch-Sprachgebrauch-2012-300x272.png 300w, https:\/\/kleinespechte.de\/spechtblog\/wp-content\/uploads\/2009\/12\/Deutsch-Sprachgebrauch-2012.png 431w\" sizes=\"auto, (max-width: 300px) 100vw, 300px\" \/><\/a><\/p>\n<h4>\u00a0Mathematik Ergebnisse 2012<\/h4>\n<p>&nbsp;<\/p>\n<p>Bereich: Gr\u00f6\u00dfen und Messen:<br \/>\n<a href=\"http:\/\/kleinespechte.de\/spechtblog\/wp-content\/uploads\/2009\/12\/Vera-Mathe-2012.png\" data-rel=\"lightbox-image-8\" data-magnific_type=\"image\" data-rl_title=\"\" data-rl_caption=\"\" title=\"\"><img loading=\"lazy\" decoding=\"async\" class=\"aligncenter size-medium wp-image-2387\" src=\"http:\/\/kleinespechte.de\/spechtblog\/wp-content\/uploads\/2009\/12\/Vera-Mathe-2012-300x265.png\" alt=\"Vera Mathe 2012\" width=\"300\" height=\"265\" srcset=\"https:\/\/kleinespechte.de\/spechtblog\/wp-content\/uploads\/2009\/12\/Vera-Mathe-2012-300x265.png 300w, https:\/\/kleinespechte.de\/spechtblog\/wp-content\/uploads\/2009\/12\/Vera-Mathe-2012.png 395w\" sizes=\"auto, (max-width: 300px) 100vw, 300px\" \/><\/a><\/p>\n<p>Bereich Muster und Strukturen:<br \/>\n<a href=\"http:\/\/kleinespechte.de\/spechtblog\/wp-content\/uploads\/2009\/12\/Vera-Mathe-Muster-2012.png\" data-rel=\"lightbox-image-9\" data-magnific_type=\"image\" data-rl_title=\"\" data-rl_caption=\"\" title=\"\"><img loading=\"lazy\" decoding=\"async\" class=\"aligncenter size-medium wp-image-2388\" src=\"http:\/\/kleinespechte.de\/spechtblog\/wp-content\/uploads\/2009\/12\/Vera-Mathe-Muster-2012-300x266.png\" alt=\"Vera Mathe Muster 2012\" width=\"300\" height=\"266\" srcset=\"https:\/\/kleinespechte.de\/spechtblog\/wp-content\/uploads\/2009\/12\/Vera-Mathe-Muster-2012-300x266.png 300w, https:\/\/kleinespechte.de\/spechtblog\/wp-content\/uploads\/2009\/12\/Vera-Mathe-Muster-2012.png 362w\" sizes=\"auto, (max-width: 300px) 100vw, 300px\" \/><\/a><\/p>\n<p>Im Teilbereich Gr\u00f6\u00dfen liegt die Klasse \u00fcber dem Landesschnitt \u2013 im Bereich Muster und Strukturen gleich auf. Besonders im letzten Bereich bedarf es also noch der Unterst\u00fctzung im Unterricht. Eine \u00dcberpr\u00fcfung des Lehrwerks und der Stoffverteilungspl\u00e4ne wird f\u00fcr das n\u00e4chste Schuljahr vorgenommen \u2013 ist dieser Teilbereich ausreichend ber\u00fccksichtigt?<\/p>\n<p>Nach 4 Jahren Teilnahme an VERA bilanzieren wir, dass die jeweiligen Werte nicht isoliert betrachtet werden d\u00fcrfen, sondern stets die Rahmenbedingungen und die Klassenzusammensetzung ber\u00fccksichtigt werden m\u00fcssen &#8211; bevor wir f\u00fcr die Schule Schl\u00fcsse daraus ziehen und Ver\u00e4nderungen beschlie\u00dfen k\u00f6nnen.<\/p>\n<p>&nbsp;<\/p>\n<p>&nbsp;<\/p>\n<p>Auch f\u00fcr die folgenden Jahre gilt, dass wir\u00a0 stets \u00fcber dem Landesdurchschnitt abgeschlossen haben. Die genauen Tabellen aus den letzen Jahren folgen anbei.<\/p>\n<p>Viel wichtiger ist aus unserer Schlussfolgerung aber dieses: Kleine Landschulen, wie wir, sind gem\u00e4\u00df den Vera Ergebnissen keinesfalls schlechter, als gro\u00dfe Schulen mit allerlei Fachr\u00e4umen und teurer Ausstattung.<\/p>\n<p>Hier die Ergebnisse von 2015:<\/p>\n<p><a href=\"http:\/\/kleinespechte.de\/spechtblog\/schulportfolio\/schule-im-vergleich\/vera-grafik-mathe-15\/\" rel=\"attachment wp-att-3890\"><img loading=\"lazy\" decoding=\"async\" class=\"aligncenter size-medium wp-image-3890\" src=\"http:\/\/kleinespechte.de\/spechtblog\/wp-content\/uploads\/2009\/12\/vera-grafik-mathe-15-460x500.png\" alt=\"\" width=\"460\" height=\"500\" srcset=\"https:\/\/kleinespechte.de\/spechtblog\/wp-content\/uploads\/2009\/12\/vera-grafik-mathe-15-460x500.png 460w, https:\/\/kleinespechte.de\/spechtblog\/wp-content\/uploads\/2009\/12\/vera-grafik-mathe-15.png 569w\" sizes=\"auto, (max-width: 460px) 100vw, 460px\" \/><\/a><\/p>\n<p><a href=\"http:\/\/kleinespechte.de\/spechtblog\/schulportfolio\/schule-im-vergleich\/vera-grafik-15-lesen\/\" rel=\"attachment wp-att-3891\"><img loading=\"lazy\" decoding=\"async\" class=\"aligncenter size-medium wp-image-3891\" src=\"http:\/\/kleinespechte.de\/spechtblog\/wp-content\/uploads\/2009\/12\/vera-grafik-15-lesen-461x500.png\" alt=\"\" width=\"461\" height=\"500\" srcset=\"https:\/\/kleinespechte.de\/spechtblog\/wp-content\/uploads\/2009\/12\/vera-grafik-15-lesen-461x500.png 461w, https:\/\/kleinespechte.de\/spechtblog\/wp-content\/uploads\/2009\/12\/vera-grafik-15-lesen.png 566w\" sizes=\"auto, (max-width: 461px) 100vw, 461px\" \/><\/a><\/p>\n<p>Ergebnisse 2016:<\/p>\n<p><a href=\"http:\/\/kleinespechte.de\/spechtblog\/schulportfolio\/schule-im-vergleich\/vera-grafik-d-1-2016\/\" rel=\"attachment wp-att-3894\"><img loading=\"lazy\" decoding=\"async\" class=\"aligncenter size-medium wp-image-3894\" src=\"http:\/\/kleinespechte.de\/spechtblog\/wp-content\/uploads\/2009\/12\/Vera-grafik-d-1-2016-473x500.png\" alt=\"\" width=\"473\" height=\"500\" srcset=\"https:\/\/kleinespechte.de\/spechtblog\/wp-content\/uploads\/2009\/12\/Vera-grafik-d-1-2016-473x500.png 473w, https:\/\/kleinespechte.de\/spechtblog\/wp-content\/uploads\/2009\/12\/Vera-grafik-d-1-2016-768x811.png 768w, https:\/\/kleinespechte.de\/spechtblog\/wp-content\/uploads\/2009\/12\/Vera-grafik-d-1-2016.png 813w\" sizes=\"auto, (max-width: 473px) 100vw, 473px\" \/><\/a><\/p>\n<p><a href=\"http:\/\/kleinespechte.de\/spechtblog\/schulportfolio\/schule-im-vergleich\/vera-grafik-d-2-2016\/\" rel=\"attachment wp-att-3892\"><img loading=\"lazy\" decoding=\"async\" class=\"aligncenter size-medium wp-image-3892\" src=\"http:\/\/kleinespechte.de\/spechtblog\/wp-content\/uploads\/2009\/12\/Vera-grafik-d-2-2016-468x500.png\" alt=\"\" width=\"468\" height=\"500\" srcset=\"https:\/\/kleinespechte.de\/spechtblog\/wp-content\/uploads\/2009\/12\/Vera-grafik-d-2-2016-468x500.png 468w, https:\/\/kleinespechte.de\/spechtblog\/wp-content\/uploads\/2009\/12\/Vera-grafik-d-2-2016.png 580w\" sizes=\"auto, (max-width: 468px) 100vw, 468px\" \/><\/a><\/p>\n<p>&nbsp;<\/p>\n<p><a href=\"http:\/\/kleinespechte.de\/spechtblog\/schulportfolio\/schule-im-vergleich\/vera-grafik-m-2016\/\" rel=\"attachment wp-att-3893\"><img loading=\"lazy\" decoding=\"async\" class=\"aligncenter size-medium wp-image-3893\" src=\"http:\/\/kleinespechte.de\/spechtblog\/wp-content\/uploads\/2009\/12\/vera-grafik-m-2016-469x500.png\" alt=\"\" width=\"469\" height=\"500\" srcset=\"https:\/\/kleinespechte.de\/spechtblog\/wp-content\/uploads\/2009\/12\/vera-grafik-m-2016-469x500.png 469w, https:\/\/kleinespechte.de\/spechtblog\/wp-content\/uploads\/2009\/12\/vera-grafik-m-2016.png 573w\" sizes=\"auto, (max-width: 469px) 100vw, 469px\" \/><\/a><\/p>\n<p>Auch 2017 , 2018 und 2019 erzielten die Sch\u00fcler gut Leistungen, die Klasse als Ganzes ist in allen Parametern \u00fcber dem Landesdurchschnitt.<\/p>\n<p style=\"text-align: center;\"><a href=\"http:\/\/kleinespechte.de\/spechtblog\/schulportfolio\/schule-im-vergleich\/vera-2018\/\" rel=\"attachment wp-att-4211\"><img loading=\"lazy\" decoding=\"async\" class=\"aligncenter size-medium wp-image-4211\" src=\"http:\/\/kleinespechte.de\/spechtblog\/wp-content\/uploads\/2018\/06\/Vera-2018-457x500.png\" alt=\"\" width=\"457\" height=\"500\" srcset=\"https:\/\/kleinespechte.de\/spechtblog\/wp-content\/uploads\/2018\/06\/Vera-2018-457x500.png 457w, https:\/\/kleinespechte.de\/spechtblog\/wp-content\/uploads\/2018\/06\/Vera-2018.png 729w\" sizes=\"auto, (max-width: 457px) 100vw, 457px\" \/>\u00a0<\/a><\/p>\n<p>Pandemiebedingt wurden die Vergleichsarbeiten von 2020 auf 2021 verschoben. Wie Sie den folgenden Grafiken entnehmen k\u00f6nnen, erzielten unsere Sch\u00fcler auch hier \u00fcberdurchschnittliche Ergebnisse.<\/p>\n<p><a href=\"https:\/\/kleinespechte.de\/spechtblog\/schulportfolio\/schule-im-vergleich\/vera-ergebnisse-2021-2\/\" rel=\"attachment wp-att-4742\"><img loading=\"lazy\" decoding=\"async\" class=\"aligncenter size-medium wp-image-4742\" src=\"https:\/\/kleinespechte.de\/spechtblog\/wp-content\/uploads\/2021\/11\/Vera-Ergebnisse-2021-1-353x500.jpg\" alt=\"\" width=\"353\" height=\"500\" srcset=\"https:\/\/kleinespechte.de\/spechtblog\/wp-content\/uploads\/2021\/11\/Vera-Ergebnisse-2021-1-353x500.jpg 353w, https:\/\/kleinespechte.de\/spechtblog\/wp-content\/uploads\/2021\/11\/Vera-Ergebnisse-2021-1-724x1024.jpg 724w, https:\/\/kleinespechte.de\/spechtblog\/wp-content\/uploads\/2021\/11\/Vera-Ergebnisse-2021-1-768x1087.jpg 768w, https:\/\/kleinespechte.de\/spechtblog\/wp-content\/uploads\/2021\/11\/Vera-Ergebnisse-2021-1-1086x1536.jpg 1086w, https:\/\/kleinespechte.de\/spechtblog\/wp-content\/uploads\/2021\/11\/Vera-Ergebnisse-2021-1-1448x2048.jpg 1448w, https:\/\/kleinespechte.de\/spechtblog\/wp-content\/uploads\/2021\/11\/Vera-Ergebnisse-2021-1-scaled.jpg 1810w\" sizes=\"auto, (max-width: 353px) 100vw, 353px\" \/><\/a><\/p>\n<p><a href=\"https:\/\/kleinespechte.de\/spechtblog\/schulportfolio\/schule-im-vergleich\/vera-ergebnisse-mathe-202120211109_0031\/\" rel=\"attachment wp-att-4743\"><img loading=\"lazy\" decoding=\"async\" class=\"aligncenter size-medium wp-image-4743\" src=\"https:\/\/kleinespechte.de\/spechtblog\/wp-content\/uploads\/2021\/11\/Vera-Ergebnisse-Mathe-202120211109_0031-353x500.jpg\" alt=\"\" width=\"353\" height=\"500\" srcset=\"https:\/\/kleinespechte.de\/spechtblog\/wp-content\/uploads\/2021\/11\/Vera-Ergebnisse-Mathe-202120211109_0031-353x500.jpg 353w, https:\/\/kleinespechte.de\/spechtblog\/wp-content\/uploads\/2021\/11\/Vera-Ergebnisse-Mathe-202120211109_0031-724x1024.jpg 724w, https:\/\/kleinespechte.de\/spechtblog\/wp-content\/uploads\/2021\/11\/Vera-Ergebnisse-Mathe-202120211109_0031-768x1087.jpg 768w, https:\/\/kleinespechte.de\/spechtblog\/wp-content\/uploads\/2021\/11\/Vera-Ergebnisse-Mathe-202120211109_0031-1086x1536.jpg 1086w, https:\/\/kleinespechte.de\/spechtblog\/wp-content\/uploads\/2021\/11\/Vera-Ergebnisse-Mathe-202120211109_0031-1448x2048.jpg 1448w, https:\/\/kleinespechte.de\/spechtblog\/wp-content\/uploads\/2021\/11\/Vera-Ergebnisse-Mathe-202120211109_0031-scaled.jpg 1810w\" sizes=\"auto, (max-width: 353px) 100vw, 353px\" \/><\/a><\/p>\n<div class=\"pdfprnt-buttons pdfprnt-buttons-page pdfprnt-bottom-right\"><a href=\"https:\/\/kleinespechte.de\/spechtblog\/wp-json\/wp\/v2\/pages\/63?print=print\" class=\"pdfprnt-button pdfprnt-button-print\" target=\"_blank\" ><img decoding=\"async\" src=\"https:\/\/kleinespechte.de\/spechtblog\/wp-content\/plugins\/pdf-print\/images\/print.png\" alt=\"image_print\" title=\"Inhalt drucken\" \/><\/a><\/div>","protected":false},"excerpt":{"rendered":"<p>Wie alle anderen Grundschulen in Baden W\u00fcrttemberg hat auch unsere Schule an den verbindlichen Vergleichsarbeiten (VERA) in Klasse 3 teilgenommen. Unten sehen Sie die Ergebnisse im Vergleich zum Landesschnitt. Das Projekt VERA (Vergleichsarbeiten in der Grundschule) ist eine fl\u00e4chendeckende Lernstandserhebung, die in den teilnehmenden Bundesl\u00e4ndern in den F\u00e4chern Mathematik und Deutsch durchgef\u00fchrt wird. Entwickelt wurde &hellip; <\/p>\n<p class=\"link-more\"><a href=\"https:\/\/kleinespechte.de\/spechtblog\/schulportfolio\/schule-im-vergleich\/\" class=\"more-link\"><span class=\"screen-reader-text\">\u201eSchule im Vergleich\u201c <\/span>weiterlesen<\/a><\/p>\n","protected":false},"author":4,"featured_media":0,"parent":16,"menu_order":2,"comment_status":"closed","ping_status":"closed","template":"","meta":{"footnotes":""},"class_list":["post-63","page","type-page","status-publish","hentry"],"_links":{"self":[{"href":"https:\/\/kleinespechte.de\/spechtblog\/wp-json\/wp\/v2\/pages\/63","targetHints":{"allow":["GET"]}}],"collection":[{"href":"https:\/\/kleinespechte.de\/spechtblog\/wp-json\/wp\/v2\/pages"}],"about":[{"href":"https:\/\/kleinespechte.de\/spechtblog\/wp-json\/wp\/v2\/types\/page"}],"author":[{"embeddable":true,"href":"https:\/\/kleinespechte.de\/spechtblog\/wp-json\/wp\/v2\/users\/4"}],"replies":[{"embeddable":true,"href":"https:\/\/kleinespechte.de\/spechtblog\/wp-json\/wp\/v2\/comments?post=63"}],"version-history":[{"count":31,"href":"https:\/\/kleinespechte.de\/spechtblog\/wp-json\/wp\/v2\/pages\/63\/revisions"}],"predecessor-version":[{"id":4744,"href":"https:\/\/kleinespechte.de\/spechtblog\/wp-json\/wp\/v2\/pages\/63\/revisions\/4744"}],"up":[{"embeddable":true,"href":"https:\/\/kleinespechte.de\/spechtblog\/wp-json\/wp\/v2\/pages\/16"}],"wp:attachment":[{"href":"https:\/\/kleinespechte.de\/spechtblog\/wp-json\/wp\/v2\/media?parent=63"}],"curies":[{"name":"wp","href":"https:\/\/api.w.org\/{rel}","templated":true}]}}